{"id":795,"date":"2010-12-09T14:48:45","date_gmt":"2010-12-09T13:48:45","guid":{"rendered":"http:\/\/www.westerwaldverein-daaden.de\/blog\/"},"modified":"2025-12-21T12:03:39","modified_gmt":"2025-12-21T11:03:39","slug":"wanderplan","status":"publish","type":"page","link":"http:\/\/www.westerwaldverein-daaden.de\/blog\/wanderplan\/","title":{"rendered":"Wanderplan"},"content":{"rendered":"<p>Den aktuellen <strong>Wanderplan f\u00fcr das Jahr 2026<\/strong> k\u00f6nnen Sie als PDF-Dokument herunter&shy;laden und ggf. ausdrucken. Klicken Sie bitte dazu das Bild an.<\/p>\n<div class=\"center\"><a href=\"http:\/\/www.westerwaldverein-daaden.de\/download\/wwv-daaden_wanderplan_2026.pdf\" title=\"Wanderplan f\u00fcr 2026\" target=\"_blank\" rel=\"noopener\"><img decoding=\"async\" style=\"margin-left: 20px; margin-top: 8px;\" src=\"http:\/\/www.westerwaldverein-daaden.de\/blog\/wp-content\/uploads\/2025\/12\/wanderplan_2026_ico.jpg\"\/><\/a><\/div>\n<p>Kleine \u00c4nderungen und Abweichungen im Programm sind m\u00f6glich. Ebenso k\u00f6nnen auch Programmpunkte ganz entfallen oder zus\u00e4tzliche hinzukommen. Dies wird aber rechtzeitig in der Presse bekannt gegeben.<\/p>\n<p>Einzelheiten zu den Wanderungen werden jeweils rechtzeitig im Schaukasten des WWV im Sch\u00fctzenhof, in der Presse und in den Mitteilungsbl\u00e4ttern Daaden, Kirchen und Herdorf mitgeteilt.<\/p>\n<p><strong>G\u00e4ste, also auch Nichtmitglieder sind immer herzlich zu allen Wanderungen eingeladen.<\/strong><\/p>\n<p><strong>Die Teilnahme an unseren Veranstaltungen erfolgt auf eigene Gefahr und Verantwortung. Der Verein und auch die Wanderf\u00fchrer \u00fcbernehmen keine Haftung. \u00c4nderungen sind vorbehalten. <\/strong><\/p>\n<hr class=\"show\"\/>\n<table>\n<tr>\n<td colspan=\"2\"><strong>Fragen zu Sachthemen sowie zu Veranstaltungen beantworten gerne:<\/strong><br \/>&nbsp;<\/td>\n<\/tr>\n<tr>\n<td><strong>Ulrich Meyer<\/strong><br \/>02743 \/ 43 26<\/td>\n<td>Vereinsf\u00fchrung<\/td>\n<\/tr>\n<tr style=\"background-color: #EEE;\">\n<td><strong>Gisbert Weber<\/strong><br \/>02743 \/ 14 75<\/td>\n<td>Presse und Medien<\/td>\n<\/tr>\n<tr>\n<td><strong>Gerhard G\u00f6rg<\/strong><br \/>02743 \/ 34 03<\/td>\n<td>Seniorenwanderungen<\/td>\n<\/tr>\n<tr style=\"background-color: #EEE;\">\n<td><strong>Dieter Jung<\/strong><br \/>02743 \/ 25 91<\/td>\n<td>Mitglieder, Kassenf\u00fchrung<\/td>\n<\/tr>\n<tr>\n<td><strong>Ulrich Meyer<\/strong><br \/>02743 \/ 43 26<\/td>\n<td>Heimatgeschichte Daadener Land<\/td>\n<\/tr>\n<tr style=\"background-color: #EEE;\">\n<td><strong>Michael Bender<\/strong><br \/>02743 \/ 12 05<\/td>\n<td>Wanderf\u00fchrer<\/td>\n<\/tr>\n<tr>\n<td><strong>Familie Heck<\/strong><br \/>02741 \/ 89 35<\/td>\n<td>Wanderf\u00fchrer<\/td>\n<\/tr>\n<\/table>\n","protected":false},"excerpt":{"rendered":"<p>Den aktuellen Wanderplan f\u00fcr das Jahr 2026 k\u00f6nnen Sie als PDF-Dokument herunter&shy;laden und ggf. ausdrucken. Klicken Sie bitte dazu das Bild an. Kleine \u00c4nderungen und Abweichungen im Programm sind m\u00f6glich. Ebenso k\u00f6nnen auch Programmpunkte ganz entfallen oder zus\u00e4tzliche hinzukommen. Dies wird aber rechtzeitig in der Presse bekannt gegeben. Einzelheiten zu den Wanderungen werden jeweils rechtzeitig [&hellip;]<\/p>\n","protected":false},"author":1,"featured_media":0,"parent":0,"menu_order":35,"comment_status":"closed","ping_status":"closed","template":"","meta":{"footnotes":""},"class_list":["post-795","page","type-page","status-publish","hentry"],"_links":{"self":[{"href":"http:\/\/www.westerwaldverein-daaden.de\/blog\/wp-json\/wp\/v2\/pages\/795","targetHints":{"allow":["GET"]}}],"collection":[{"href":"http:\/\/www.westerwaldverein-daaden.de\/blog\/wp-json\/wp\/v2\/pages"}],"about":[{"href":"http:\/\/www.westerwaldverein-daaden.de\/blog\/wp-json\/wp\/v2\/types\/page"}],"author":[{"embeddable":true,"href":"http:\/\/www.westerwaldverein-daaden.de\/blog\/wp-json\/wp\/v2\/users\/1"}],"replies":[{"embeddable":true,"href":"http:\/\/www.westerwaldverein-daaden.de\/blog\/wp-json\/wp\/v2\/comments?post=795"}],"version-history":[{"count":2,"href":"http:\/\/www.westerwaldverein-daaden.de\/blog\/wp-json\/wp\/v2\/pages\/795\/revisions"}],"predecessor-version":[{"id":4448,"href":"http:\/\/www.westerwaldverein-daaden.de\/blog\/wp-json\/wp\/v2\/pages\/795\/revisions\/4448"}],"wp:attachment":[{"href":"http:\/\/www.westerwaldverein-daaden.de\/blog\/wp-json\/wp\/v2\/media?parent=795"}],"curies":[{"name":"wp","href":"https:\/\/api.w.org\/{rel}","templated":true}]}}